{"id":14,"date":"2024-07-17T13:57:28","date_gmt":"2024-07-17T11:57:28","guid":{"rendered":"https:\/\/centre-memoire.org\/?page_id=14"},"modified":"2024-07-18T15:32:20","modified_gmt":"2024-07-18T13:32:20","slug":"centre-memoire","status":"publish","type":"page","link":"https:\/\/centre-memoire.org\/","title":{"rendered":"home"},"content":{"rendered":"\t\t<div data-elementor-type=\"wp-page\" data-elementor-id=\"14\" class=\"elementor elementor-14\" data-elementor-post-type=\"page\">\n\t\t\t\t<div class=\"elementor-element elementor-element-90d1f65 e-flex e-con-boxed e-con e-parent\" data-id=\"90d1f65\" data-element_type=\"container\" data-settings=\"{&quot;background_background&quot;:&quot;slideshow&quot;,&quot;background_slideshow_gallery&quot;:[{&quot;id&quot;:23,&quot;url&quot;:&quot;https:\\\/\\\/centre-memoire.org\\\/wp-content\\\/uploads\\\/2024\\\/07\\\/relax-senior-man.png&quot;}],&quot;background_slideshow_loop&quot;:&quot;yes&quot;,&quot;background_slideshow_slide_duration&quot;:5000,&quot;background_slideshow_slide_transition&quot;:&quot;fade&quot;,&quot;background_slideshow_transition_duration&quot;:500}\">\n\t\t\t\t\t<div class=\"e-con-inner\">\n\t\t\t\t<div class=\"elementor-element elementor-element-f13618e elementor-widget elementor-widget-spacer\" data-id=\"f13618e\" data-element_type=\"widget\" data-widget_type=\"spacer.default\">\n\t\t\t\t<div class=\"elementor-widget-container\">\n\t\t\t<style>\/*! elementor - v3.23.0 - 15-07-2024 *\/\n.elementor-column .elementor-spacer-inner{height:var(--spacer-size)}.e-con{--container-widget-width:100%}.e-con-inner>.elementor-widget-spacer,.e-con>.elementor-widget-spacer{width:var(--container-widget-width,var(--spacer-size));--align-self:var(--container-widget-align-self,initial);--flex-shrink:0}.e-con-inner>.elementor-widget-spacer>.elementor-widget-container,.e-con>.elementor-widget-spacer>.elementor-widget-container{height:100%;width:100%}.e-con-inner>.elementor-widget-spacer>.elementor-widget-container>.elementor-spacer,.e-con>.elementor-widget-spacer>.elementor-widget-container>.elementor-spacer{height:100%}.e-con-inner>.elementor-widget-spacer>.elementor-widget-container>.elementor-spacer>.elementor-spacer-inner,.e-con>.elementor-widget-spacer>.elementor-widget-container>.elementor-spacer>.elementor-spacer-inner{height:var(--container-widget-height,var(--spacer-size))}.e-con-inner>.elementor-widget-spacer.elementor-widget-empty,.e-con>.elementor-widget-spacer.elementor-widget-empty{position:relative;min-height:22px;min-width:22px}.e-con-inner>.elementor-widget-spacer.elementor-widget-empty .elementor-widget-empty-icon,.e-con>.elementor-widget-spacer.elementor-widget-empty .elementor-widget-empty-icon{position:absolute;top:0;bottom:0;left:0;right:0;margin:auto;padding:0;width:22px;height:22px}<\/style>\t\t<div class=\"elementor-spacer\">\n\t\t\t<div class=\"elementor-spacer-inner\"><\/div>\n\t\t<\/div>\n\t\t\t\t<\/div>\n\t\t\t\t<\/div>\n\t\t\t\t<div class=\"elementor-element elementor-element-e8a21dc elementor-widget elementor-widget-heading\" data-id=\"e8a21dc\" data-element_type=\"widget\" data-widget_type=\"heading.default\">\n\t\t\t\t<div class=\"elementor-widget-container\">\n\t\t\t<style>\/*! elementor - v3.23.0 - 15-07-2024 *\/\n.elementor-heading-title{padding:0;margin:0;line-height:1}.elementor-widget-heading .elementor-heading-title[class*=elementor-size-]>a{color:inherit;font-size:inherit;line-height:inherit}.elementor-widget-heading .elementor-heading-title.elementor-size-small{font-size:15px}.elementor-widget-heading .elementor-heading-title.elementor-size-medium{font-size:19px}.elementor-widget-heading .elementor-heading-title.elementor-size-large{font-size:29px}.elementor-widget-heading .elementor-heading-title.elementor-size-xl{font-size:39px}.elementor-widget-heading .elementor-heading-title.elementor-size-xxl{font-size:59px}<\/style><h1 class=\"elementor-heading-title elementor-size-default\">Centre m\u00e9moire<\/h1>\t\t<\/div>\n\t\t\t\t<\/div>\n\t\t\t\t<div class=\"elementor-element elementor-element-8c36503 elementor-widget elementor-widget-heading\" data-id=\"8c36503\" data-element_type=\"widget\" data-widget_type=\"heading.default\">\n\t\t\t\t<div class=\"elementor-widget-container\">\n\t\t\t<h3 class=\"elementor-heading-title elementor-size-default\">Institut M\u00e9dical Jasmin - PARIS<\/h3>\t\t<\/div>\n\t\t\t\t<\/div>\n\t\t\t\t<div class=\"elementor-element elementor-element-9f680a3 elementor-widget elementor-widget-spacer\" data-id=\"9f680a3\" data-element_type=\"widget\" data-widget_type=\"spacer.default\">\n\t\t\t\t<div class=\"elementor-widget-container\">\n\t\t\t\t\t<div class=\"elementor-spacer\">\n\t\t\t<div class=\"elementor-spacer-inner\"><\/div>\n\t\t<\/div>\n\t\t\t\t<\/div>\n\t\t\t\t<\/div>\n\t\t\t\t\t<\/div>\n\t\t\t\t<\/div>\n\t\t<div class=\"elementor-element elementor-element-d4a3930 e-flex e-con-boxed e-con e-parent\" data-id=\"d4a3930\" data-element_type=\"container\">\n\t\t\t\t\t<div class=\"e-con-inner\">\n\t\t\t\t<div class=\"elementor-element elementor-element-b217ae0 elementor-align-center elementor-widget elementor-widget-button\" data-id=\"b217ae0\" data-element_type=\"widget\" data-widget_type=\"button.default\">\n\t\t\t\t<div class=\"elementor-widget-container\">\n\t\t\t\t\t<div class=\"elementor-button-wrapper\">\n\t\t\t<a class=\"elementor-button elementor-button-link elementor-size-sm\" href=\"#tel\">\n\t\t\t\t\t\t<span class=\"elementor-button-content-wrapper\">\n\t\t\t\t\t\t\t\t\t<span class=\"elementor-button-text\">reserver une Consultation<\/span>\n\t\t\t\t\t<\/span>\n\t\t\t\t\t<\/a>\n\t\t<\/div>\n\t\t\t\t<\/div>\n\t\t\t\t<\/div>\n\t\t\t\t\t<\/div>\n\t\t\t\t<\/div>\n\t\t<div class=\"elementor-element elementor-element-3fe6d6de e-con-full e-flex e-con e-parent\" data-id=\"3fe6d6de\" data-element_type=\"container\" data-settings=\"{&quot;background_background&quot;:&quot;classic&quot;}\">\n\t\t<div class=\"elementor-element elementor-element-17e9dda2 e-con-full e-flex e-con e-child\" data-id=\"17e9dda2\" data-element_type=\"container\">\n\t\t\t\t<div class=\"elementor-element elementor-element-1b082d2a elementor-widget-mobile__width-initial elementor-widget elementor-widget-image\" data-id=\"1b082d2a\" data-element_type=\"widget\" data-settings=\"{&quot;motion_fx_motion_fx_scrolling&quot;:&quot;yes&quot;,&quot;motion_fx_translateY_effect&quot;:&quot;yes&quot;,&quot;motion_fx_translateY_speed&quot;:{&quot;unit&quot;:&quot;px&quot;,&quot;size&quot;:3,&quot;sizes&quot;:[]},&quot;motion_fx_devices&quot;:[&quot;desktop&quot;,&quot;tablet&quot;],&quot;motion_fx_translateY_affectedRange&quot;:{&quot;unit&quot;:&quot;%&quot;,&quot;size&quot;:&quot;&quot;,&quot;sizes&quot;:{&quot;start&quot;:0,&quot;end&quot;:100}}}\" data-widget_type=\"image.default\">\n\t\t\t\t<div class=\"elementor-widget-container\">\n\t\t\t<style>\/*! elementor - v3.23.0 - 15-07-2024 *\/\n.elementor-widget-image{text-align:center}.elementor-widget-image a{display:inline-block}.elementor-widget-image a img[src$=\".svg\"]{width:48px}.elementor-widget-image img{vertical-align:middle;display:inline-block}<\/style>\t\t\t\t\t\t\t\t\t\t<img fetchpriority=\"high\" decoding=\"async\" width=\"950\" height=\"713\" src=\"https:\/\/i0.wp.com\/centre-memoire.org\/wp-content\/uploads\/2024\/07\/cell-3-.png?resize=950%2C713&#038;ssl=1\" class=\"attachment-large size-large wp-image-19\" alt=\"\" srcset=\"https:\/\/i0.wp.com\/centre-memoire.org\/wp-content\/uploads\/2024\/07\/cell-3-.png?resize=1024%2C768&amp;ssl=1 1024w, https:\/\/i0.wp.com\/centre-memoire.org\/wp-content\/uploads\/2024\/07\/cell-3-.png?resize=300%2C225&amp;ssl=1 300w, https:\/\/i0.wp.com\/centre-memoire.org\/wp-content\/uploads\/2024\/07\/cell-3-.png?resize=2000%2C1500&amp;ssl=1 2000w, https:\/\/i0.wp.com\/centre-memoire.org\/wp-content\/uploads\/2024\/07\/cell-3-.png?resize=1536%2C1152&amp;ssl=1 1536w, https:\/\/i0.wp.com\/centre-memoire.org\/wp-content\/uploads\/2024\/07\/cell-3-.png?resize=2048%2C1536&amp;ssl=1 2048w, https:\/\/i0.wp.com\/centre-memoire.org\/wp-content\/uploads\/2024\/07\/cell-3-.png?w=1900&amp;ssl=1 1900w, https:\/\/i0.wp.com\/centre-memoire.org\/wp-content\/uploads\/2024\/07\/cell-3-.png?w=2850&amp;ssl=1 2850w\" sizes=\"100vw\" data-recalc-dims=\"1\" \/>\t\t\t\t\t\t\t\t\t\t\t\t\t<\/div>\n\t\t\t\t<\/div>\n\t\t\t\t<\/div>\n\t\t<div class=\"elementor-element elementor-element-69da835c e-con-full e-flex e-con e-child\" data-id=\"69da835c\" data-element_type=\"container\">\n\t\t\t\t<div class=\"elementor-element elementor-element-bb9d416 elementor-invisible elementor-widget elementor-widget-heading\" data-id=\"bb9d416\" data-element_type=\"widget\" data-settings=\"{&quot;_animation&quot;:&quot;fadeIn&quot;}\" data-widget_type=\"heading.default\">\n\t\t\t\t<div class=\"elementor-widget-container\">\n\t\t\t<h1 class=\"elementor-heading-title elementor-size-default\">notre mission<\/h1>\t\t<\/div>\n\t\t\t\t<\/div>\n\t\t\t\t<div class=\"elementor-element elementor-element-52140dde elementor-invisible elementor-widget elementor-widget-text-editor\" data-id=\"52140dde\" data-element_type=\"widget\" data-settings=\"{&quot;_animation&quot;:&quot;fadeIn&quot;,&quot;_animation_delay&quot;:200}\" data-widget_type=\"text-editor.default\">\n\t\t\t\t<div class=\"elementor-widget-container\">\n\t\t\t<style>\/*! elementor - v3.23.0 - 15-07-2024 *\/\n.elementor-widget-text-editor.elementor-drop-cap-view-stacked .elementor-drop-cap{background-color:#69727d;color:#fff}.elementor-widget-text-editor.elementor-drop-cap-view-framed .elementor-drop-cap{color:#69727d;border:3px solid;background-color:transparent}.elementor-widget-text-editor:not(.elementor-drop-cap-view-default) .elementor-drop-cap{margin-top:8px}.elementor-widget-text-editor:not(.elementor-drop-cap-view-default) .elementor-drop-cap-letter{width:1em;height:1em}.elementor-widget-text-editor .elementor-drop-cap{float:left;text-align:center;line-height:1;font-size:50px}.elementor-widget-text-editor .elementor-drop-cap-letter{display:inline-block}<\/style>\t\t\t\t<p>Le Centre M\u00e9moire se donne comme objectif de d\u00e9tecter chez ses patients les troubles de la m\u00e9moire ainsi que les alt\u00e9rations des fonctions cognitives, en adaptant sa m\u00e9thode et en perfectionnant ses diagnostics pour une prise en charge personnalis\u00e9e.<\/p>\t\t\t\t\t\t<\/div>\n\t\t\t\t<\/div>\n\t\t\t\t<\/div>\n\t\t\t\t<\/div>\n\t\t<div class=\"elementor-element elementor-element-fe3c378 e-flex e-con-boxed e-con e-parent\" data-id=\"fe3c378\" data-element_type=\"container\" data-settings=\"{&quot;background_background&quot;:&quot;classic&quot;}\">\n\t\t\t\t\t<div class=\"e-con-inner\">\n\t\t\t\t<div class=\"elementor-element elementor-element-07d4d37 elementor-invisible elementor-widget elementor-widget-heading\" data-id=\"07d4d37\" data-element_type=\"widget\" data-settings=\"{&quot;_animation&quot;:&quot;fadeIn&quot;}\" data-widget_type=\"heading.default\">\n\t\t\t\t<div class=\"elementor-widget-container\">\n\t\t\t<h1 class=\"elementor-heading-title elementor-size-default\">notre Expertise<\/h1>\t\t<\/div>\n\t\t\t\t<\/div>\n\t\t\t\t<div class=\"elementor-element elementor-element-55bffaa elementor-widget elementor-widget-text-editor\" data-id=\"55bffaa\" data-element_type=\"widget\" data-widget_type=\"text-editor.default\">\n\t\t\t\t<div class=\"elementor-widget-container\">\n\t\t\t\t\t\t\tSitu\u00e9 au 127 rue de la Faisanderie, 75116 Paris, le Centre M\u00e9moire a \u00e9t\u00e9 cr\u00e9\u00e9 il y a plus de trente ans par le Docteur Christophe de Jaeger, m\u00e9decin physiologiste et g\u00e9riatre de formation. Il y \u00e9tudie le vieillissement sous toutes ses formes en partenariat avec l&rsquo;<a href = \"https:\/\/www.institut-prevention-sante-longevite.fr\/fr\/\">Institut Pr\u00e9vention Sant\u00e9 Long\u00e9vit\u00e9  (IPSL).<\/a>\t\t\t\t\t\t<\/div>\n\t\t\t\t<\/div>\n\t\t\t\t<div class=\"elementor-element elementor-element-a0e7d7a elementor-hidden-desktop elementor-hidden-tablet elementor-widget elementor-widget-spacer\" data-id=\"a0e7d7a\" data-element_type=\"widget\" data-widget_type=\"spacer.default\">\n\t\t\t\t<div class=\"elementor-widget-container\">\n\t\t\t\t\t<div class=\"elementor-spacer\">\n\t\t\t<div class=\"elementor-spacer-inner\"><\/div>\n\t\t<\/div>\n\t\t\t\t<\/div>\n\t\t\t\t<\/div>\n\t\t\t\t\t<\/div>\n\t\t\t\t<\/div>\n\t\t<div class=\"elementor-element elementor-element-2997597 e-flex e-con-boxed e-con e-parent\" data-id=\"2997597\" data-element_type=\"container\">\n\t\t\t\t\t<div class=\"e-con-inner\">\n\t\t<div class=\"elementor-element elementor-element-85bcc08 e-con-full e-flex e-con e-child\" data-id=\"85bcc08\" data-element_type=\"container\">\n\t\t\t\t<div class=\"elementor-element elementor-element-0c96efb elementor-invisible elementor-widget elementor-widget-heading\" data-id=\"0c96efb\" data-element_type=\"widget\" data-settings=\"{&quot;_animation&quot;:&quot;fadeIn&quot;}\" data-widget_type=\"heading.default\">\n\t\t\t\t<div class=\"elementor-widget-container\">\n\t\t\t<h1 class=\"elementor-heading-title elementor-size-default\">votre sant\u00e9<\/h1>\t\t<\/div>\n\t\t\t\t<\/div>\n\t\t\t\t<div class=\"elementor-element elementor-element-436928f elementor-invisible elementor-widget elementor-widget-text-editor\" data-id=\"436928f\" data-element_type=\"widget\" data-settings=\"{&quot;_animation&quot;:&quot;fadeIn&quot;,&quot;_animation_delay&quot;:200}\" data-widget_type=\"text-editor.default\">\n\t\t\t\t<div class=\"elementor-widget-container\">\n\t\t\t\t\t\t\t<p>Le vieillissement est un processus naturel qui affecte l&rsquo;ensemble du corps, y compris le cerveau et la m\u00e9moire. Au fil du temps, la capacit\u00e9 de notre cerveau \u00e0 traiter l&rsquo;information diminue, ce qui peut affecter la capacit\u00e9 \u00e0 se souvenir des \u00e9v\u00e9nements pass\u00e9s. Le centre m\u00e9moire est sp\u00e9cialis\u00e9 dans la prise en charge de ces processus.<\/p>\t\t\t\t\t\t<\/div>\n\t\t\t\t<\/div>\n\t\t\t\t<\/div>\n\t\t<div class=\"elementor-element elementor-element-889e7c4 e-con-full e-flex e-con e-child\" data-id=\"889e7c4\" data-element_type=\"container\">\n\t\t\t\t<div class=\"elementor-element elementor-element-8b060a1 elementor-widget elementor-widget-video\" data-id=\"8b060a1\" data-element_type=\"widget\" data-settings=\"{&quot;video_type&quot;:&quot;hosted&quot;,&quot;autoplay&quot;:&quot;yes&quot;,&quot;loop&quot;:&quot;yes&quot;,&quot;motion_fx_motion_fx_scrolling&quot;:&quot;yes&quot;,&quot;motion_fx_translateY_effect&quot;:&quot;yes&quot;,&quot;motion_fx_translateY_speed&quot;:{&quot;unit&quot;:&quot;px&quot;,&quot;size&quot;:3,&quot;sizes&quot;:[]},&quot;motion_fx_translateY_affectedRange&quot;:{&quot;unit&quot;:&quot;%&quot;,&quot;size&quot;:&quot;&quot;,&quot;sizes&quot;:{&quot;start&quot;:0,&quot;end&quot;:100}},&quot;motion_fx_devices&quot;:[&quot;desktop&quot;,&quot;tablet&quot;,&quot;mobile&quot;]}\" data-widget_type=\"video.default\">\n\t\t\t\t<div class=\"elementor-widget-container\">\n\t\t\t<style>\/*! elementor - v3.23.0 - 15-07-2024 *\/\n.elementor-widget-video .elementor-widget-container{overflow:hidden;transform:translateZ(0)}.elementor-widget-video .elementor-wrapper{aspect-ratio:var(--video-aspect-ratio)}.elementor-widget-video .elementor-wrapper iframe,.elementor-widget-video .elementor-wrapper video{height:100%;width:100%;display:flex;border:none;background-color:#000}@supports not (aspect-ratio:1\/1){.elementor-widget-video .elementor-wrapper{position:relative;overflow:hidden;height:0;padding-bottom:calc(100% \/ var(--video-aspect-ratio))}.elementor-widget-video .elementor-wrapper iframe,.elementor-widget-video .elementor-wrapper video{position:absolute;top:0;right:0;bottom:0;left:0}}.elementor-widget-video .elementor-open-inline .elementor-custom-embed-image-overlay{position:absolute;top:0;right:0;bottom:0;left:0;background-size:cover;background-position:50%}.elementor-widget-video .elementor-custom-embed-image-overlay{cursor:pointer;text-align:center}.elementor-widget-video .elementor-custom-embed-image-overlay:hover .elementor-custom-embed-play i{opacity:1}.elementor-widget-video .elementor-custom-embed-image-overlay img{display:block;width:100%;aspect-ratio:var(--video-aspect-ratio);-o-object-fit:cover;object-fit:cover;-o-object-position:center center;object-position:center center}@supports not (aspect-ratio:1\/1){.elementor-widget-video .elementor-custom-embed-image-overlay{position:relative;overflow:hidden;height:0;padding-bottom:calc(100% \/ var(--video-aspect-ratio))}.elementor-widget-video .elementor-custom-embed-image-overlay img{position:absolute;top:0;right:0;bottom:0;left:0}}.elementor-widget-video .e-hosted-video .elementor-video{-o-object-fit:cover;object-fit:cover}.e-con-inner>.elementor-widget-video,.e-con>.elementor-widget-video{width:var(--container-widget-width);--flex-grow:var(--container-widget-flex-grow)}<\/style>\t\t<div class=\"e-hosted-video elementor-wrapper elementor-open-inline\">\n\t\t\t\t\t<video class=\"elementor-video\" src=\"https:\/\/centre-memoire.org\/wp-content\/uploads\/2024\/07\/pink-cells.mp4\" autoplay=\"\" loop=\"\" controlsList=\"nodownload\"><\/video>\n\t\t\t\t<\/div>\n\t\t\t\t<\/div>\n\t\t\t\t<\/div>\n\t\t\t\t<\/div>\n\t\t\t\t\t<\/div>\n\t\t\t\t<\/div>\n\t\t<div class=\"elementor-element elementor-element-ab8bbc1 e-flex e-con-boxed e-con e-parent\" data-id=\"ab8bbc1\" data-element_type=\"container\">\n\t\t\t\t\t<div class=\"e-con-inner\">\n\t\t\t\t<div class=\"elementor-element elementor-element-f4afa8b elementor-widget elementor-widget-heading\" data-id=\"f4afa8b\" data-element_type=\"widget\" data-widget_type=\"heading.default\">\n\t\t\t\t<div class=\"elementor-widget-container\">\n\t\t\t<h3 class=\"elementor-heading-title elementor-size-default\">Une analyse pointue de vos capacit\u00e9s cognitives<\/h3>\t\t<\/div>\n\t\t\t\t<\/div>\n\t\t\t\t<div class=\"elementor-element elementor-element-a1ec334 elementor-widget elementor-widget-heading\" data-id=\"a1ec334\" data-element_type=\"widget\" data-widget_type=\"heading.default\">\n\t\t\t\t<div class=\"elementor-widget-container\">\n\t\t\t<h4 class=\"elementor-heading-title elementor-size-default\">Le centre m\u00e9moire vous propose un pannel de 6 examens pour cartographier l'\u00e9tat de vos fonctions c\u00e9r\u00e9bral<\/h4>\t\t<\/div>\n\t\t\t\t<\/div>\n\t\t\t\t<div class=\"elementor-element elementor-element-f8bdd4c elementor-widget elementor-widget-spacer\" data-id=\"f8bdd4c\" data-element_type=\"widget\" data-widget_type=\"spacer.default\">\n\t\t\t\t<div class=\"elementor-widget-container\">\n\t\t\t\t\t<div class=\"elementor-spacer\">\n\t\t\t<div class=\"elementor-spacer-inner\"><\/div>\n\t\t<\/div>\n\t\t\t\t<\/div>\n\t\t\t\t<\/div>\n\t\t\t\t<div class=\"elementor-element elementor-element-623b9f8 elementor-widget elementor-widget-toggle\" data-id=\"623b9f8\" data-element_type=\"widget\" data-widget_type=\"toggle.default\">\n\t\t\t\t<div class=\"elementor-widget-container\">\n\t\t\t<style>\/*! elementor - v3.23.0 - 15-07-2024 *\/\n.elementor-toggle{text-align:start}.elementor-toggle .elementor-tab-title{font-weight:700;line-height:1;margin:0;padding:15px;border-bottom:1px solid #d5d8dc;cursor:pointer;outline:none}.elementor-toggle .elementor-tab-title .elementor-toggle-icon{display:inline-block;width:1em}.elementor-toggle .elementor-tab-title .elementor-toggle-icon svg{margin-inline-start:-5px;width:1em;height:1em}.elementor-toggle .elementor-tab-title .elementor-toggle-icon.elementor-toggle-icon-right{float:right;text-align:right}.elementor-toggle .elementor-tab-title .elementor-toggle-icon.elementor-toggle-icon-left{float:left;text-align:left}.elementor-toggle .elementor-tab-title .elementor-toggle-icon .elementor-toggle-icon-closed{display:block}.elementor-toggle .elementor-tab-title .elementor-toggle-icon .elementor-toggle-icon-opened{display:none}.elementor-toggle .elementor-tab-title.elementor-active{border-bottom:none}.elementor-toggle .elementor-tab-title.elementor-active .elementor-toggle-icon-closed{display:none}.elementor-toggle .elementor-tab-title.elementor-active .elementor-toggle-icon-opened{display:block}.elementor-toggle .elementor-tab-content{padding:15px;border-bottom:1px solid #d5d8dc;display:none}@media (max-width:767px){.elementor-toggle .elementor-tab-title{padding:12px}.elementor-toggle .elementor-tab-content{padding:12px 10px}}.e-con-inner>.elementor-widget-toggle,.e-con>.elementor-widget-toggle{width:var(--container-widget-width);--flex-grow:var(--container-widget-flex-grow)}<\/style>\t\t<div class=\"elementor-toggle\">\n\t\t\t\t\t\t\t<div class=\"elementor-toggle-item\">\n\t\t\t\t\t<div id=\"elementor-tab-title-1031\" class=\"elementor-tab-title\" data-tab=\"1\" role=\"button\" aria-controls=\"elementor-tab-content-1031\" aria-expanded=\"false\">\n\t\t\t\t\t\t\t\t\t\t\t\t<span class=\"elementor-toggle-icon elementor-toggle-icon-left\" aria-hidden=\"true\">\n\t\t\t\t\t\t\t\t\t\t\t\t\t\t\t<span class=\"elementor-toggle-icon-closed\"><svg class=\"e-font-icon-svg e-fas-caret-right\" viewBox=\"0 0 192 512\" xmlns=\"http:\/\/www.w3.org\/2000\/svg\"><path d=\"M0 384.662V127.338c0-17.818 21.543-26.741 34.142-14.142l128.662 128.662c7.81 7.81 7.81 20.474 0 28.284L34.142 398.804C21.543 411.404 0 402.48 0 384.662z\"><\/path><\/svg><\/span>\n\t\t\t\t\t\t\t\t<span class=\"elementor-toggle-icon-opened\"><svg class=\"elementor-toggle-icon-opened e-font-icon-svg e-fas-caret-up\" viewBox=\"0 0 320 512\" xmlns=\"http:\/\/www.w3.org\/2000\/svg\"><path d=\"M288.662 352H31.338c-17.818 0-26.741-21.543-14.142-34.142l128.662-128.662c7.81-7.81 20.474-7.81 28.284 0l128.662 128.662c12.6 12.599 3.676 34.142-14.142 34.142z\"><\/path><\/svg><\/span>\n\t\t\t\t\t\t\t\t\t\t\t\t\t<\/span>\n\t\t\t\t\t\t\t\t\t\t\t\t<a class=\"elementor-toggle-title\" tabindex=\"0\">Examen neurologique<\/a>\n\t\t\t\t\t<\/div>\n\n\t\t\t\t\t<div id=\"elementor-tab-content-1031\" class=\"elementor-tab-content elementor-clearfix\" data-tab=\"1\" role=\"region\" aria-labelledby=\"elementor-tab-title-1031\"><p>Un examen physique complet pour \u00e9valuer la fonction c\u00e9r\u00e9brale, la coordination musculaire, la force musculaire et les r\u00e9flexes. C\u2019est une \u00e9valuation m\u00e9dicale compl\u00e8te qui permet d&rsquo;analyser le syst\u00e8me nerveux central et p\u00e9riph\u00e9rique d&rsquo;un patient. Il est effectu\u00e9 par un m\u00e9decin form\u00e9 en neurologie. Cet examen permet de d\u00e9tecter les troubles neurologiques et de les classer selon leur localisation et leur nature.<\/p><\/div>\n\t\t\t\t<\/div>\n\t\t\t\t\t\t\t<div class=\"elementor-toggle-item\">\n\t\t\t\t\t<div id=\"elementor-tab-title-1032\" class=\"elementor-tab-title\" data-tab=\"2\" role=\"button\" aria-controls=\"elementor-tab-content-1032\" aria-expanded=\"false\">\n\t\t\t\t\t\t\t\t\t\t\t\t<span class=\"elementor-toggle-icon elementor-toggle-icon-left\" aria-hidden=\"true\">\n\t\t\t\t\t\t\t\t\t\t\t\t\t\t\t<span class=\"elementor-toggle-icon-closed\"><svg class=\"e-font-icon-svg e-fas-caret-right\" viewBox=\"0 0 192 512\" xmlns=\"http:\/\/www.w3.org\/2000\/svg\"><path d=\"M0 384.662V127.338c0-17.818 21.543-26.741 34.142-14.142l128.662 128.662c7.81 7.81 7.81 20.474 0 28.284L34.142 398.804C21.543 411.404 0 402.48 0 384.662z\"><\/path><\/svg><\/span>\n\t\t\t\t\t\t\t\t<span class=\"elementor-toggle-icon-opened\"><svg class=\"elementor-toggle-icon-opened e-font-icon-svg e-fas-caret-up\" viewBox=\"0 0 320 512\" xmlns=\"http:\/\/www.w3.org\/2000\/svg\"><path d=\"M288.662 352H31.338c-17.818 0-26.741-21.543-14.142-34.142l128.662-128.662c7.81-7.81 20.474-7.81 28.284 0l128.662 128.662c12.6 12.599 3.676 34.142-14.142 34.142z\"><\/path><\/svg><\/span>\n\t\t\t\t\t\t\t\t\t\t\t\t\t<\/span>\n\t\t\t\t\t\t\t\t\t\t\t\t<a class=\"elementor-toggle-title\" tabindex=\"0\">Electroenc\u00e9phalographie <\/a>\n\t\t\t\t\t<\/div>\n\n\t\t\t\t\t<div id=\"elementor-tab-content-1032\" class=\"elementor-tab-content elementor-clearfix\" data-tab=\"2\" role=\"region\" aria-labelledby=\"elementor-tab-title-1032\"><p>C\u2019est une technique d&rsquo;enregistrement de l&rsquo;activit\u00e9 \u00e9lectrique du cerveau. L&rsquo;EEG est r\u00e9alis\u00e9 en pla\u00e7ant des \u00e9lectrodes sur le cuir chevelu du patient pour mesurer les fluctuations de l&rsquo;activit\u00e9 \u00e9lectrique dans diff\u00e9rentes parties du cerveau.<\/p><p>L&rsquo;EEG est une proc\u00e9dure non invasive et indolore qui peut \u00eatre utilis\u00e9e pour diagnostiquer une vari\u00e9t\u00e9 de troubles neurologiques et psychiatriques, y compris les crises d&rsquo;\u00e9pilepsie, les troubles du sommeil, les tumeurs c\u00e9r\u00e9brales, les l\u00e9sions c\u00e9r\u00e9brales traumatiques, la maladie d&rsquo;Alzheimer et la schizophr\u00e9nie.<\/p><p>L&rsquo;EEG peut \u00eatre utilis\u00e9 pour \u00e9valuer diff\u00e9rentes fr\u00e9quences d&rsquo;ondes c\u00e9r\u00e9brales, telles que les ondes alpha, b\u00eata, delta et th\u00eata, qui peuvent indiquer des anomalies dans l&rsquo;activit\u00e9 c\u00e9r\u00e9brale. Les r\u00e9sultats de l&rsquo;EEG peuvent aider les cliniciens \u00e0 identifier les anomalies \u00e9lectriques dans le cerveau et \u00e0 \u00e9tablir un diagnostic pr\u00e9cis.<\/p><\/div>\n\t\t\t\t<\/div>\n\t\t\t\t\t\t\t<div class=\"elementor-toggle-item\">\n\t\t\t\t\t<div id=\"elementor-tab-title-1033\" class=\"elementor-tab-title\" data-tab=\"3\" role=\"button\" aria-controls=\"elementor-tab-content-1033\" aria-expanded=\"false\">\n\t\t\t\t\t\t\t\t\t\t\t\t<span class=\"elementor-toggle-icon elementor-toggle-icon-left\" aria-hidden=\"true\">\n\t\t\t\t\t\t\t\t\t\t\t\t\t\t\t<span class=\"elementor-toggle-icon-closed\"><svg class=\"e-font-icon-svg e-fas-caret-right\" viewBox=\"0 0 192 512\" xmlns=\"http:\/\/www.w3.org\/2000\/svg\"><path d=\"M0 384.662V127.338c0-17.818 21.543-26.741 34.142-14.142l128.662 128.662c7.81 7.81 7.81 20.474 0 28.284L34.142 398.804C21.543 411.404 0 402.48 0 384.662z\"><\/path><\/svg><\/span>\n\t\t\t\t\t\t\t\t<span class=\"elementor-toggle-icon-opened\"><svg class=\"elementor-toggle-icon-opened e-font-icon-svg e-fas-caret-up\" viewBox=\"0 0 320 512\" xmlns=\"http:\/\/www.w3.org\/2000\/svg\"><path d=\"M288.662 352H31.338c-17.818 0-26.741-21.543-14.142-34.142l128.662-128.662c7.81-7.81 20.474-7.81 28.284 0l128.662 128.662c12.6 12.599 3.676 34.142-14.142 34.142z\"><\/path><\/svg><\/span>\n\t\t\t\t\t\t\t\t\t\t\t\t\t<\/span>\n\t\t\t\t\t\t\t\t\t\t\t\t<a class=\"elementor-toggle-title\" tabindex=\"0\">Bilan des fonctions cognitives <\/a>\n\t\t\t\t\t<\/div>\n\n\t\t\t\t\t<div id=\"elementor-tab-content-1033\" class=\"elementor-tab-content elementor-clearfix\" data-tab=\"3\" role=\"region\" aria-labelledby=\"elementor-tab-title-1033\"><p>Un test qui \u00e9value la capacit\u00e9 \u00e0 se souvenir de certaines informations, telles que des mots ou des images.<\/p><p>C\u2019 est un examen neuropsychologique qui permet d&rsquo;\u00e9valuer la capacit\u00e9 d&rsquo;un individu \u00e0 retenir, \u00e0 stocker et \u00e0 r\u00e9cup\u00e9rer des informations. Ce test est g\u00e9n\u00e9ralement utilis\u00e9 pour diagnostiquer les troubles de la m\u00e9moire tels que la maladie d&rsquo;Alzheimer, la d\u00e9mence vasculaire, la maladie de Parkinson, les l\u00e9sions c\u00e9r\u00e9brales traumatiques, les accidents vasculaires c\u00e9r\u00e9braux et d&rsquo;autres troubles neurologiques.<\/p><\/div>\n\t\t\t\t<\/div>\n\t\t\t\t\t\t\t<div class=\"elementor-toggle-item\">\n\t\t\t\t\t<div id=\"elementor-tab-title-1034\" class=\"elementor-tab-title\" data-tab=\"4\" role=\"button\" aria-controls=\"elementor-tab-content-1034\" aria-expanded=\"false\">\n\t\t\t\t\t\t\t\t\t\t\t\t<span class=\"elementor-toggle-icon elementor-toggle-icon-left\" aria-hidden=\"true\">\n\t\t\t\t\t\t\t\t\t\t\t\t\t\t\t<span class=\"elementor-toggle-icon-closed\"><svg class=\"e-font-icon-svg e-fas-caret-right\" viewBox=\"0 0 192 512\" xmlns=\"http:\/\/www.w3.org\/2000\/svg\"><path d=\"M0 384.662V127.338c0-17.818 21.543-26.741 34.142-14.142l128.662 128.662c7.81 7.81 7.81 20.474 0 28.284L34.142 398.804C21.543 411.404 0 402.48 0 384.662z\"><\/path><\/svg><\/span>\n\t\t\t\t\t\t\t\t<span class=\"elementor-toggle-icon-opened\"><svg class=\"elementor-toggle-icon-opened e-font-icon-svg e-fas-caret-up\" viewBox=\"0 0 320 512\" xmlns=\"http:\/\/www.w3.org\/2000\/svg\"><path d=\"M288.662 352H31.338c-17.818 0-26.741-21.543-14.142-34.142l128.662-128.662c7.81-7.81 20.474-7.81 28.284 0l128.662 128.662c12.6 12.599 3.676 34.142-14.142 34.142z\"><\/path><\/svg><\/span>\n\t\t\t\t\t\t\t\t\t\t\t\t\t<\/span>\n\t\t\t\t\t\t\t\t\t\t\t\t<a class=\"elementor-toggle-title\" tabindex=\"0\">Potentiel \u00e9voqu\u00e9 visuel<\/a>\n\t\t\t\t\t<\/div>\n\n\t\t\t\t\t<div id=\"elementor-tab-content-1034\" class=\"elementor-tab-content elementor-clearfix\" data-tab=\"4\" role=\"region\" aria-labelledby=\"elementor-tab-title-1034\"><p>Le Potentiel \u00e9voqu\u00e9 visuel est un test qui mesure l&rsquo;activit\u00e9 \u00e9lectrique de la r\u00e9tine et des voies visuelles du cerveau en r\u00e9ponse \u00e0 une stimulation visuelle. Ce test peut aider \u00e0 \u00e9valuer la fonction visuelle chez les personnes atteintes de troubles visuels tels que le glaucome, la neuropathie optique, la scl\u00e9rose en plaques ou d&rsquo;autres maladies qui peuvent affecter la vision.<\/p><\/div>\n\t\t\t\t<\/div>\n\t\t\t\t\t\t\t<div class=\"elementor-toggle-item\">\n\t\t\t\t\t<div id=\"elementor-tab-title-1035\" class=\"elementor-tab-title\" data-tab=\"5\" role=\"button\" aria-controls=\"elementor-tab-content-1035\" aria-expanded=\"false\">\n\t\t\t\t\t\t\t\t\t\t\t\t<span class=\"elementor-toggle-icon elementor-toggle-icon-left\" aria-hidden=\"true\">\n\t\t\t\t\t\t\t\t\t\t\t\t\t\t\t<span class=\"elementor-toggle-icon-closed\"><svg class=\"e-font-icon-svg e-fas-caret-right\" viewBox=\"0 0 192 512\" xmlns=\"http:\/\/www.w3.org\/2000\/svg\"><path d=\"M0 384.662V127.338c0-17.818 21.543-26.741 34.142-14.142l128.662 128.662c7.81 7.81 7.81 20.474 0 28.284L34.142 398.804C21.543 411.404 0 402.48 0 384.662z\"><\/path><\/svg><\/span>\n\t\t\t\t\t\t\t\t<span class=\"elementor-toggle-icon-opened\"><svg class=\"elementor-toggle-icon-opened e-font-icon-svg e-fas-caret-up\" viewBox=\"0 0 320 512\" xmlns=\"http:\/\/www.w3.org\/2000\/svg\"><path d=\"M288.662 352H31.338c-17.818 0-26.741-21.543-14.142-34.142l128.662-128.662c7.81-7.81 20.474-7.81 28.284 0l128.662 128.662c12.6 12.599 3.676 34.142-14.142 34.142z\"><\/path><\/svg><\/span>\n\t\t\t\t\t\t\t\t\t\t\t\t\t<\/span>\n\t\t\t\t\t\t\t\t\t\t\t\t<a class=\"elementor-toggle-title\" tabindex=\"0\">Potentiel \u00e9voqu\u00e9 cognitif <\/a>\n\t\t\t\t\t<\/div>\n\n\t\t\t\t\t<div id=\"elementor-tab-content-1035\" class=\"elementor-tab-content elementor-clearfix\" data-tab=\"5\" role=\"region\" aria-labelledby=\"elementor-tab-title-1035\"><p>C\u2019est une technique d&rsquo;\u00e9valuation de la fonction cognitive qui mesure l&rsquo;activit\u00e9 \u00e9lectrique du cerveau en r\u00e9ponse \u00e0 des stimuli visuels ou auditifs. Le PEC est souvent utilis\u00e9 pour \u00e9valuer les fonctions cognitives telles que la perception, l&rsquo;attention, la m\u00e9moire et la r\u00e9solution de probl\u00e8mes.<\/p><p>Le PEC implique l&rsquo;utilisation d&rsquo;\u00e9lectrodes plac\u00e9es sur le cuir chevelu pour mesurer les ondes c\u00e9r\u00e9brales qui sont g\u00e9n\u00e9r\u00e9es en r\u00e9ponse \u00e0 des stimuli sensoriels tels que des sons ou des images. Les stimuli sont pr\u00e9sent\u00e9s au patient \u00e0 des intervalles r\u00e9guliers, et les r\u00e9ponses c\u00e9r\u00e9brales sont mesur\u00e9es et analys\u00e9es pour d\u00e9tecter les anomalies dans les fonctions cognitives.<\/p><p>Le PEC peut \u00eatre utilis\u00e9 pour diagnostiquer ou surveiller les troubles cognitifs tels que la maladie d&rsquo;Alzheimer, la scl\u00e9rose en plaques, la schizophr\u00e9nie, l&rsquo;\u00e9pilepsie, la d\u00e9pression et d&rsquo;autres troubles neurologiques et psychiatriques. Il peut \u00e9galement \u00eatre utilis\u00e9 pour \u00e9valuer l&rsquo;efficacit\u00e9 des traitements ou pour suivre l&rsquo;\u00e9volution de la maladie.<\/p><\/div>\n\t\t\t\t<\/div>\n\t\t\t\t\t\t\t<div class=\"elementor-toggle-item\">\n\t\t\t\t\t<div id=\"elementor-tab-title-1036\" class=\"elementor-tab-title\" data-tab=\"6\" role=\"button\" aria-controls=\"elementor-tab-content-1036\" aria-expanded=\"false\">\n\t\t\t\t\t\t\t\t\t\t\t\t<span class=\"elementor-toggle-icon elementor-toggle-icon-left\" aria-hidden=\"true\">\n\t\t\t\t\t\t\t\t\t\t\t\t\t\t\t<span class=\"elementor-toggle-icon-closed\"><svg class=\"e-font-icon-svg e-fas-caret-right\" viewBox=\"0 0 192 512\" xmlns=\"http:\/\/www.w3.org\/2000\/svg\"><path d=\"M0 384.662V127.338c0-17.818 21.543-26.741 34.142-14.142l128.662 128.662c7.81 7.81 7.81 20.474 0 28.284L34.142 398.804C21.543 411.404 0 402.48 0 384.662z\"><\/path><\/svg><\/span>\n\t\t\t\t\t\t\t\t<span class=\"elementor-toggle-icon-opened\"><svg class=\"elementor-toggle-icon-opened e-font-icon-svg e-fas-caret-up\" viewBox=\"0 0 320 512\" xmlns=\"http:\/\/www.w3.org\/2000\/svg\"><path d=\"M288.662 352H31.338c-17.818 0-26.741-21.543-14.142-34.142l128.662-128.662c7.81-7.81 20.474-7.81 28.284 0l128.662 128.662c12.6 12.599 3.676 34.142-14.142 34.142z\"><\/path><\/svg><\/span>\n\t\t\t\t\t\t\t\t\t\t\t\t\t<\/span>\n\t\t\t\t\t\t\t\t\t\t\t\t<a class=\"elementor-toggle-title\" tabindex=\"0\">Wechsler MEM IV<\/a>\n\t\t\t\t\t<\/div>\n\n\t\t\t\t\t<div id=\"elementor-tab-content-1036\" class=\"elementor-tab-content elementor-clearfix\" data-tab=\"6\" role=\"region\" aria-labelledby=\"elementor-tab-title-1036\"><p>Le Wechsler Memory Scale Fourth Edition (WMS-IV) est un outil d&rsquo;\u00e9valuation neuropsychologique con\u00e7u pour mesurer les diff\u00e9rentes dimensions de la m\u00e9moire chez les adultes. D\u00e9velopp\u00e9 par David Wechsler, ce test permet de diagnostiquer et de comprendre les troubles de la m\u00e9moire, en \u00e9valuant des aspects tels que la m\u00e9moire auditive, visuelle, et de travail.<\/p><\/div>\n\t\t\t\t<\/div>\n\t\t\t\t\t\t\t\t<\/div>\n\t\t\t\t<\/div>\n\t\t\t\t<\/div>\n\t\t\t\t<div class=\"elementor-element elementor-element-4ca3f11 elementor-hidden-mobile elementor-widget elementor-widget-spacer\" data-id=\"4ca3f11\" data-element_type=\"widget\" data-widget_type=\"spacer.default\">\n\t\t\t\t<div class=\"elementor-widget-container\">\n\t\t\t\t\t<div class=\"elementor-spacer\">\n\t\t\t<div class=\"elementor-spacer-inner\"><\/div>\n\t\t<\/div>\n\t\t\t\t<\/div>\n\t\t\t\t<\/div>\n\t\t\t\t\t<\/div>\n\t\t\t\t<\/div>\n\t\t<div class=\"elementor-element elementor-element-4046195 e-flex e-con-boxed e-con e-parent\" data-id=\"4046195\" data-element_type=\"container\">\n\t\t\t\t\t<div class=\"e-con-inner\">\n\t\t<div class=\"elementor-element elementor-element-c491714 e-con-full e-flex e-con e-child\" data-id=\"c491714\" data-element_type=\"container\">\n\t\t\t\t<div class=\"elementor-element elementor-element-ab6cfca elementor-widget elementor-widget-spacer\" data-id=\"ab6cfca\" data-element_type=\"widget\" data-widget_type=\"spacer.default\">\n\t\t\t\t<div class=\"elementor-widget-container\">\n\t\t\t\t\t<div class=\"elementor-spacer\">\n\t\t\t<div class=\"elementor-spacer-inner\"><\/div>\n\t\t<\/div>\n\t\t\t\t<\/div>\n\t\t\t\t<\/div>\n\t\t\t\t<div class=\"elementor-element elementor-element-c70273e elementor-hidden-mobile elementor-widget elementor-widget-image\" data-id=\"c70273e\" data-element_type=\"widget\" data-widget_type=\"image.default\">\n\t\t\t\t<div class=\"elementor-widget-container\">\n\t\t\t\t\t\t\t\t\t\t\t\t\t<img decoding=\"async\" width=\"950\" height=\"533\" src=\"https:\/\/i0.wp.com\/centre-memoire.org\/wp-content\/uploads\/2024\/07\/cell1.png?resize=950%2C533&#038;ssl=1\" class=\"attachment-large size-large wp-image-20\" alt=\"\" srcset=\"https:\/\/i0.wp.com\/centre-memoire.org\/wp-content\/uploads\/2024\/07\/cell1.png?resize=1024%2C574&amp;ssl=1 1024w, https:\/\/i0.wp.com\/centre-memoire.org\/wp-content\/uploads\/2024\/07\/cell1.png?resize=300%2C168&amp;ssl=1 300w, https:\/\/i0.wp.com\/centre-memoire.org\/wp-content\/uploads\/2024\/07\/cell1.png?resize=2000%2C1121&amp;ssl=1 2000w, https:\/\/i0.wp.com\/centre-memoire.org\/wp-content\/uploads\/2024\/07\/cell1.png?resize=1536%2C861&amp;ssl=1 1536w, https:\/\/i0.wp.com\/centre-memoire.org\/wp-content\/uploads\/2024\/07\/cell1.png?resize=2048%2C1148&amp;ssl=1 2048w, https:\/\/i0.wp.com\/centre-memoire.org\/wp-content\/uploads\/2024\/07\/cell1.png?w=1900&amp;ssl=1 1900w, https:\/\/i0.wp.com\/centre-memoire.org\/wp-content\/uploads\/2024\/07\/cell1.png?w=2850&amp;ssl=1 2850w\" sizes=\"100vw\" data-recalc-dims=\"1\" \/>\t\t\t\t\t\t\t\t\t\t\t\t\t<\/div>\n\t\t\t\t<\/div>\n\t\t\t\t<\/div>\n\t\t<div class=\"elementor-element elementor-element-f40d72e e-con-full e-flex e-con e-child\" data-id=\"f40d72e\" data-element_type=\"container\">\n\t\t\t\t<div class=\"elementor-element elementor-element-26eb5af elementor-widget elementor-widget-heading\" data-id=\"26eb5af\" data-element_type=\"widget\" data-widget_type=\"heading.default\">\n\t\t\t\t<div class=\"elementor-widget-container\">\n\t\t\t<h3 class=\"elementor-heading-title elementor-size-default\">R\u00e9server une consultation<\/h3>\t\t<\/div>\n\t\t\t\t<\/div>\n\t\t\t\t<div class=\"elementor-element elementor-element-6553a9e elementor-widget elementor-widget-text-editor\" data-id=\"6553a9e\" data-element_type=\"widget\" id=\"tel\" data-widget_type=\"text-editor.default\">\n\t\t\t\t<div class=\"elementor-widget-container\">\n\t\t\t\t\t\t\t<p>Appelez le secr\u00e9tariat de l&rsquo;Institut Pr\u00e9vention Sant\u00e9 Long\u00e9vit\u00e9 IPSL afin de r\u00e9server une premi\u00e8re consultation Centre M\u00e9moire<\/p><p>t\u00e9l : +33 1 44 96 00 00\u00a0<\/p>\t\t\t\t\t\t<\/div>\n\t\t\t\t<\/div>\n\t\t\t\t<div class=\"elementor-element elementor-element-1f1f6ab elementor-hidden-desktop elementor-hidden-tablet elementor-widget elementor-widget-image\" data-id=\"1f1f6ab\" data-element_type=\"widget\" data-widget_type=\"image.default\">\n\t\t\t\t<div class=\"elementor-widget-container\">\n\t\t\t\t\t\t\t\t\t\t\t\t\t<img decoding=\"async\" width=\"950\" height=\"533\" src=\"https:\/\/i0.wp.com\/centre-memoire.org\/wp-content\/uploads\/2024\/07\/cell1.png?resize=950%2C533&#038;ssl=1\" class=\"attachment-large size-large wp-image-20\" alt=\"\" srcset=\"https:\/\/i0.wp.com\/centre-memoire.org\/wp-content\/uploads\/2024\/07\/cell1.png?resize=1024%2C574&amp;ssl=1 1024w, https:\/\/i0.wp.com\/centre-memoire.org\/wp-content\/uploads\/2024\/07\/cell1.png?resize=300%2C168&amp;ssl=1 300w, https:\/\/i0.wp.com\/centre-memoire.org\/wp-content\/uploads\/2024\/07\/cell1.png?resize=2000%2C1121&amp;ssl=1 2000w, https:\/\/i0.wp.com\/centre-memoire.org\/wp-content\/uploads\/2024\/07\/cell1.png?resize=1536%2C861&amp;ssl=1 1536w, https:\/\/i0.wp.com\/centre-memoire.org\/wp-content\/uploads\/2024\/07\/cell1.png?resize=2048%2C1148&amp;ssl=1 2048w, https:\/\/i0.wp.com\/centre-memoire.org\/wp-content\/uploads\/2024\/07\/cell1.png?w=1900&amp;ssl=1 1900w, https:\/\/i0.wp.com\/centre-memoire.org\/wp-content\/uploads\/2024\/07\/cell1.png?w=2850&amp;ssl=1 2850w\" sizes=\"100vw\" data-recalc-dims=\"1\" \/>\t\t\t\t\t\t\t\t\t\t\t\t\t<\/div>\n\t\t\t\t<\/div>\n\t\t\t\t<\/div>\n\t\t\t\t\t<\/div>\n\t\t\t\t<\/div>\n\t\t\t\t<\/div>\n\t\t","protected":false},"excerpt":{"rendered":"<p>Centre m\u00e9moire Institut M\u00e9dical Jasmin &#8211; PARIS reserver une Consultation notre mission Le Centre M\u00e9moire se donne comme objectif de d\u00e9tecter chez ses patients les troubles de la m\u00e9moire ainsi que les alt\u00e9rations des fonctions cognitives, en adaptant sa m\u00e9thode et en perfectionnant ses diagnostics pour une prise en charge personnalis\u00e9e. notre Expertise Situ\u00e9 au &hellip; <\/p>\n<p class=\"link-more\"><a href=\"https:\/\/centre-memoire.org\/\" class=\"more-link\">Lire la suite de<span class=\"screen-reader-text\">\u00ab\u00a0home\u00a0\u00bb<\/span><\/a><\/p>\n","protected":false},"author":1,"featured_media":0,"parent":0,"menu_order":0,"comment_status":"closed","ping_status":"closed","template":"elementor_header_footer","meta":{"footnotes":""},"class_list":["post-14","page","type-page","status-publish","hentry"],"yoast_head":"<!-- This site is optimized with the Yoast SEO plugin v23.0 - https:\/\/yoast.com\/wordpress\/plugins\/seo\/ -->\n<title>home - Centre m\u00e9moire<\/title>\n<meta name=\"description\" content=\"Le Centre M\u00e9moire a comme objectif de d\u00e9tecter et accompagner chez ses patients les troubles de la m\u00e9moire et des fonctions cognitives.\" \/>\n<meta name=\"robots\" content=\"index, follow, max-snippet:-1, max-image-preview:large, max-video-preview:-1\" \/>\n<link rel=\"canonical\" href=\"https:\/\/centre-memoire.org\/\" \/>\n<meta property=\"og:locale\" content=\"fr_FR\" \/>\n<meta property=\"og:type\" content=\"article\" \/>\n<meta property=\"og:title\" content=\"home - Centre m\u00e9moire\" \/>\n<meta property=\"og:description\" content=\"Le Centre M\u00e9moire a comme objectif de d\u00e9tecter et accompagner chez ses patients les troubles de la m\u00e9moire et des fonctions cognitives.\" \/>\n<meta property=\"og:url\" content=\"https:\/\/centre-memoire.org\/\" \/>\n<meta property=\"og:site_name\" content=\"Centre m\u00e9moire\" \/>\n<meta property=\"article:modified_time\" content=\"2024-07-18T13:32:20+00:00\" \/>\n<meta property=\"og:image\" content=\"https:\/\/centre-memoire.org\/wp-content\/uploads\/2024\/07\/cell-3--1024x768.png\" \/>\n<meta name=\"twitter:card\" content=\"summary_large_image\" \/>\n<meta name=\"twitter:label1\" content=\"Dur\u00e9e de lecture estim\u00e9e\" \/>\n\t<meta name=\"twitter:data1\" content=\"5 minutes\" \/>\n<script type=\"application\/ld+json\" class=\"yoast-schema-graph\">{\"@context\":\"https:\/\/schema.org\",\"@graph\":[{\"@type\":\"WebPage\",\"@id\":\"https:\/\/centre-memoire.org\/\",\"url\":\"https:\/\/centre-memoire.org\/\",\"name\":\"home - Centre m\u00e9moire\",\"isPartOf\":{\"@id\":\"https:\/\/centre-memoire.org\/#website\"},\"primaryImageOfPage\":{\"@id\":\"https:\/\/centre-memoire.org\/#primaryimage\"},\"image\":{\"@id\":\"https:\/\/centre-memoire.org\/#primaryimage\"},\"thumbnailUrl\":\"https:\/\/centre-memoire.org\/wp-content\/uploads\/2024\/07\/cell-3--1024x768.png\",\"datePublished\":\"2024-07-17T11:57:28+00:00\",\"dateModified\":\"2024-07-18T13:32:20+00:00\",\"description\":\"Le Centre M\u00e9moire a comme objectif de d\u00e9tecter et accompagner chez ses patients les troubles de la m\u00e9moire et des fonctions cognitives.\",\"breadcrumb\":{\"@id\":\"https:\/\/centre-memoire.org\/#breadcrumb\"},\"inLanguage\":\"fr-FR\",\"potentialAction\":[{\"@type\":\"ReadAction\",\"target\":[\"https:\/\/centre-memoire.org\/\"]}]},{\"@type\":\"ImageObject\",\"inLanguage\":\"fr-FR\",\"@id\":\"https:\/\/centre-memoire.org\/#primaryimage\",\"url\":\"https:\/\/centre-memoire.org\/wp-content\/uploads\/2024\/07\/cell-3-.png\",\"contentUrl\":\"https:\/\/centre-memoire.org\/wp-content\/uploads\/2024\/07\/cell-3-.png\",\"width\":6000,\"height\":4500},{\"@type\":\"BreadcrumbList\",\"@id\":\"https:\/\/centre-memoire.org\/#breadcrumb\",\"itemListElement\":[{\"@type\":\"ListItem\",\"position\":1,\"name\":\"Home\",\"item\":\"https:\/\/centre-memoire.org\/\"},{\"@type\":\"ListItem\",\"position\":2,\"name\":\"home\"}]},{\"@type\":\"WebSite\",\"@id\":\"https:\/\/centre-memoire.org\/#website\",\"url\":\"https:\/\/centre-memoire.org\/\",\"name\":\"Centre m\u00e9moire\",\"description\":\"\",\"potentialAction\":[{\"@type\":\"SearchAction\",\"target\":{\"@type\":\"EntryPoint\",\"urlTemplate\":\"https:\/\/centre-memoire.org\/?s={search_term_string}\"},\"query-input\":\"required name=search_term_string\"}],\"inLanguage\":\"fr-FR\"}]}<\/script>\n<!-- \/ Yoast SEO plugin. -->","yoast_head_json":{"title":"home - Centre m\u00e9moire","description":"Le Centre M\u00e9moire a comme objectif de d\u00e9tecter et accompagner chez ses patients les troubles de la m\u00e9moire et des fonctions cognitives.","robots":{"index":"index","follow":"follow","max-snippet":"max-snippet:-1","max-image-preview":"max-image-preview:large","max-video-preview":"max-video-preview:-1"},"canonical":"https:\/\/centre-memoire.org\/","og_locale":"fr_FR","og_type":"article","og_title":"home - Centre m\u00e9moire","og_description":"Le Centre M\u00e9moire a comme objectif de d\u00e9tecter et accompagner chez ses patients les troubles de la m\u00e9moire et des fonctions cognitives.","og_url":"https:\/\/centre-memoire.org\/","og_site_name":"Centre m\u00e9moire","article_modified_time":"2024-07-18T13:32:20+00:00","og_image":[{"url":"https:\/\/centre-memoire.org\/wp-content\/uploads\/2024\/07\/cell-3--1024x768.png"}],"twitter_card":"summary_large_image","twitter_misc":{"Dur\u00e9e de lecture estim\u00e9e":"5 minutes"},"schema":{"@context":"https:\/\/schema.org","@graph":[{"@type":"WebPage","@id":"https:\/\/centre-memoire.org\/","url":"https:\/\/centre-memoire.org\/","name":"home - Centre m\u00e9moire","isPartOf":{"@id":"https:\/\/centre-memoire.org\/#website"},"primaryImageOfPage":{"@id":"https:\/\/centre-memoire.org\/#primaryimage"},"image":{"@id":"https:\/\/centre-memoire.org\/#primaryimage"},"thumbnailUrl":"https:\/\/centre-memoire.org\/wp-content\/uploads\/2024\/07\/cell-3--1024x768.png","datePublished":"2024-07-17T11:57:28+00:00","dateModified":"2024-07-18T13:32:20+00:00","description":"Le Centre M\u00e9moire a comme objectif de d\u00e9tecter et accompagner chez ses patients les troubles de la m\u00e9moire et des fonctions cognitives.","breadcrumb":{"@id":"https:\/\/centre-memoire.org\/#breadcrumb"},"inLanguage":"fr-FR","potentialAction":[{"@type":"ReadAction","target":["https:\/\/centre-memoire.org\/"]}]},{"@type":"ImageObject","inLanguage":"fr-FR","@id":"https:\/\/centre-memoire.org\/#primaryimage","url":"https:\/\/centre-memoire.org\/wp-content\/uploads\/2024\/07\/cell-3-.png","contentUrl":"https:\/\/centre-memoire.org\/wp-content\/uploads\/2024\/07\/cell-3-.png","width":6000,"height":4500},{"@type":"BreadcrumbList","@id":"https:\/\/centre-memoire.org\/#breadcrumb","itemListElement":[{"@type":"ListItem","position":1,"name":"Home","item":"https:\/\/centre-memoire.org\/"},{"@type":"ListItem","position":2,"name":"home"}]},{"@type":"WebSite","@id":"https:\/\/centre-memoire.org\/#website","url":"https:\/\/centre-memoire.org\/","name":"Centre m\u00e9moire","description":"","potentialAction":[{"@type":"SearchAction","target":{"@type":"EntryPoint","urlTemplate":"https:\/\/centre-memoire.org\/?s={search_term_string}"},"query-input":"required name=search_term_string"}],"inLanguage":"fr-FR"}]}},"jetpack_sharing_enabled":true,"_links":{"self":[{"href":"https:\/\/centre-memoire.org\/index.php\/wp-json\/wp\/v2\/pages\/14","targetHints":{"allow":["GET"]}}],"collection":[{"href":"https:\/\/centre-memoire.org\/index.php\/wp-json\/wp\/v2\/pages"}],"about":[{"href":"https:\/\/centre-memoire.org\/index.php\/wp-json\/wp\/v2\/types\/page"}],"author":[{"embeddable":true,"href":"https:\/\/centre-memoire.org\/index.php\/wp-json\/wp\/v2\/users\/1"}],"replies":[{"embeddable":true,"href":"https:\/\/centre-memoire.org\/index.php\/wp-json\/wp\/v2\/comments?post=14"}],"version-history":[{"count":79,"href":"https:\/\/centre-memoire.org\/index.php\/wp-json\/wp\/v2\/pages\/14\/revisions"}],"predecessor-version":[{"id":124,"href":"https:\/\/centre-memoire.org\/index.php\/wp-json\/wp\/v2\/pages\/14\/revisions\/124"}],"wp:attachment":[{"href":"https:\/\/centre-memoire.org\/index.php\/wp-json\/wp\/v2\/media?parent=14"}],"curies":[{"name":"wp","href":"https:\/\/api.w.org\/{rel}","templated":true}]}}